{"id":42402,"date":"2016-11-02T18:10:06","date_gmt":"2016-11-02T16:10:06","guid":{"rendered":"https:\/\/www.atelier-du-temps.com\/?page_id=42402"},"modified":"2023-07-23T16:47:57","modified_gmt":"2023-07-23T14:47:57","slug":"les-sorties","status":"publish","type":"page","link":"https:\/\/www.atelier-du-temps.com\/accueil-new\/activites\/les-sorties\/","title":{"rendered":"Les sorties"},"content":{"rendered":"<div class=\"wpb-content-wrapper\">[vc_row][vc_column]<nav class=\"vcex-module vcex-navbar clr\"><div class=\"vcex-navbar-inner clr\"><a href=\"https:\/\/www.atelier-du-temps.com\/accueil-new\/sorties-2023\/\" class=\"vcex-navbar-link theme-button graphical green hvr hvr-shadow has-bg-hover\" style=\"background:#1e73be;color:#ffffff;\" data-filter data-wpex-hover='{\"background\":\"#6193bf\",\"color\":\"#eeee22\"}'><span>2023<\/span><\/a><a href=\"https:\/\/www.atelier-du-temps.com\/accueil-new\/activites\/les-sorties\/sorties-2021\/\" class=\"vcex-navbar-link theme-button graphical green hvr hvr-shadow has-bg-hover\" style=\"background:#1e73be;color:#ffffff;\" data-filter data-wpex-hover='{\"background\":\"#6193bf\",\"color\":\"#eeee22\"}'><span>2021<\/span><\/a><a href=\"https:\/\/www.atelier-du-temps.com\/accueil-new\/sorties-2020\/\" class=\"vcex-navbar-link theme-button graphical green hvr hvr-shadow has-bg-hover\" style=\"background:#1e73be;color:#ffffff;\" data-filter data-wpex-hover='{\"background\":\"#6193bf\",\"color\":\"#eeee22\"}'><span>2020<\/span><\/a><a href=\"https:\/\/www.atelier-du-temps.com\/accueil-new\/activites\/les-sorties\/sorties-2019\/\" class=\"vcex-navbar-link theme-button graphical green hvr hvr-shadow has-bg-hover\" style=\"background:#1e73be;color:#ffffff;\" data-filter data-wpex-hover='{\"background\":\"#6193bf\",\"color\":\"#eeee22\"}'><span>2019<\/span><\/a><a href=\"https:\/\/www.atelier-du-temps.com\/accueil-new\/activites\/les-sorties\/sorties-2018\/\" class=\"vcex-navbar-link theme-button graphical green hvr hvr-shadow has-bg-hover\" style=\"background:#1e73be;color:#ffffff;\" data-filter data-wpex-hover='{\"background\":\"#6193bf\",\"color\":\"#eeee22\"}'><span>2018<\/span><\/a><a href=\"https:\/\/www.atelier-du-temps.com\/accueil-new\/activites\/les-sorties\/sorties-2017\/\" class=\"vcex-navbar-link theme-button graphical green hvr hvr-shadow has-bg-hover\" style=\"background:#1e73be;color:#ffffff;\" data-filter data-wpex-hover='{\"background\":\"#6193bf\",\"color\":\"#eeee22\"}'><span>2017<\/span><\/a><a href=\"https:\/\/www.atelier-du-temps.com\/accueil-new\/activites\/les-sorties\/sorties-2016\/\" class=\"vcex-navbar-link theme-button graphical green hvr hvr-shadow has-bg-hover\" style=\"background:#1e73be;color:#ffffff;\" data-filter data-wpex-hover='{\"background\":\"#6193bf\",\"color\":\"#eeee22\"}'><span>2016<\/span><\/a><a href=\"https:\/\/www.atelier-du-temps.com\/accueil-new\/activites\/les-sorties\/sorties-2015-2\/\" class=\"vcex-navbar-link theme-button graphical green hvr hvr-shadow has-bg-hover\" style=\"background:#1e73be;color:#ffffff;\" data-filter data-wpex-hover='{\"background\":\"#6193bf\",\"color\":\"#eeee22\"}'><span>2015<\/span><\/a><a href=\"https:\/\/www.atelier-du-temps.com\/accueil-new\/activites\/les-sorties\/sorties-2021\/\" class=\"vcex-navbar-link theme-button graphical green hvr hvr-shadow has-bg-hover\" style=\"background:#1e73be;color:#ffffff;\" data-filter data-wpex-hover='{\"background\":\"#6193bf\",\"color\":\"#eeee22\"}'><span>Sorties 2021<\/span><\/a><a href=\"https:\/\/www.atelier-du-temps.com\/accueil-new\/activites\/les-sorties\/sorties-2014\/\" class=\"vcex-navbar-link theme-button graphical green hvr hvr-shadow has-bg-hover\" style=\"background:#1e73be;color:#ffffff;\" data-filter data-wpex-hover='{\"background\":\"#6193bf\",\"color\":\"#eeee22\"}'><span>2014<\/span><\/a><\/div><\/nav>[\/vc_column][\/vc_row][vc_row][vc_column][vc_column_text]L&rsquo;association organise avec l&rsquo;aide de ses adh\u00e9rents des sorties et des balades, et participe aux sorties d&rsquo;autres associations ou \u00e0 des \u00e9v\u00e9nements nationaux ou r\u00e9gionaux.<\/p>\n<p>Voici quelques r\u00e9cits et photos[\/vc_column_text][\/vc_column][\/vc_row]\n<\/div>","protected":false},"excerpt":{"rendered":"<p>[vc_row][vc_column][\/vc_column][\/vc_row][vc_row][vc_column][vc_column_text]L&rsquo;association organise avec l&rsquo;aide de ses adh\u00e9rents des sorties et des balades, et participe aux sorties d&rsquo;autres associations ou \u00e0 des \u00e9v\u00e9nements nationaux ou r\u00e9gionaux. Voici quelques r\u00e9cits et photos[\/vc_column_text][\/vc_column][\/vc_row]<\/p>\n","protected":false},"author":1,"featured_media":0,"parent":42391,"menu_order":0,"comment_status":"closed","ping_status":"closed","template":"","meta":{"_crdt_document":"","_exactmetrics_skip_tracking":false,"_exactmetrics_sitenote_active":false,"_exactmetrics_sitenote_note":"","_exactmetrics_sitenote_category":0,"_price":"","_stock":"","_tribe_ticket_header":"","_tribe_default_ticket_provider":"","_tribe_ticket_capacity":"0","_ticket_start_date":"","_ticket_end_date":"","_tribe_ticket_show_description":"","_tribe_ticket_show_not_going":false,"_tribe_ticket_use_global_stock":"","_tribe_ticket_global_stock_level":"","_global_stock_mode":"","_global_stock_cap":"","_tribe_rsvp_for_event":"","_tribe_ticket_going_count":"","_tribe_ticket_not_going_count":"","_tribe_tickets_list":"[]","_tribe_ticket_has_attendee_info_fields":false,"footnotes":"","_tec_slr_enabled":"","_tec_slr_layout":""},"class_list":["post-42402","page","type-page","status-publish","hentry","entry","no-media"],"yoast_head":"<!-- This site is optimized with the Yoast SEO plugin v27.4 - https:\/\/yoast.com\/product\/yoast-seo-wordpress\/ -->\n<title>Les sorties - ATELIER DU TEMPS<\/title>\n<meta name=\"robots\" content=\"index, follow, max-snippet:-1, max-image-preview:large, max-video-preview:-1\" \/>\n<link rel=\"canonical\" href=\"https:\/\/www.atelier-du-temps.com\/accueil-new\/activites\/les-sorties\/\" \/>\n<meta property=\"og:locale\" content=\"fr_FR\" \/>\n<meta property=\"og:type\" content=\"article\" \/>\n<meta property=\"og:title\" content=\"Les sorties - ATELIER DU TEMPS\" \/>\n<meta property=\"og:description\" content=\"[vc_row][vc_column][\/vc_column][\/vc_row][vc_row][vc_column][vc_column_text]L&rsquo;association organise avec l&rsquo;aide de ses adh\u00e9rents des sorties et des balades, et participe aux sorties d&rsquo;autres associations ou \u00e0 des \u00e9v\u00e9nements nationaux ou r\u00e9gionaux. Voici quelques r\u00e9cits et photos[\/vc_column_text][\/vc_column][\/vc_row]\" \/>\n<meta property=\"og:url\" content=\"https:\/\/www.atelier-du-temps.com\/accueil-new\/activites\/les-sorties\/\" \/>\n<meta property=\"og:site_name\" content=\"ATELIER DU TEMPS\" \/>\n<meta property=\"article:modified_time\" content=\"2023-07-23T14:47:57+00:00\" \/>\n<meta name=\"twitter:card\" content=\"summary_large_image\" \/>\n<meta name=\"twitter:label1\" content=\"Dur\u00e9e de lecture estim\u00e9e\" \/>\n\t<meta name=\"twitter:data1\" content=\"1 minute\" \/>\n<script type=\"application\/ld+json\" class=\"yoast-schema-graph\">{\"@context\":\"https:\\\/\\\/schema.org\",\"@graph\":[{\"@type\":\"WebPage\",\"@id\":\"https:\\\/\\\/www.atelier-du-temps.com\\\/accueil-new\\\/activites\\\/les-sorties\\\/\",\"url\":\"https:\\\/\\\/www.atelier-du-temps.com\\\/accueil-new\\\/activites\\\/les-sorties\\\/\",\"name\":\"Les sorties - ATELIER DU TEMPS\",\"isPartOf\":{\"@id\":\"https:\\\/\\\/www.atelier-du-temps.com\\\/accueil-new\\\/#website\"},\"datePublished\":\"2016-11-02T16:10:06+00:00\",\"dateModified\":\"2023-07-23T14:47:57+00:00\",\"breadcrumb\":{\"@id\":\"https:\\\/\\\/www.atelier-du-temps.com\\\/accueil-new\\\/activites\\\/les-sorties\\\/#breadcrumb\"},\"inLanguage\":\"fr-FR\",\"potentialAction\":[{\"@type\":\"ReadAction\",\"target\":[\"https:\\\/\\\/www.atelier-du-temps.com\\\/accueil-new\\\/activites\\\/les-sorties\\\/\"]}]},{\"@type\":\"BreadcrumbList\",\"@id\":\"https:\\\/\\\/www.atelier-du-temps.com\\\/accueil-new\\\/activites\\\/les-sorties\\\/#breadcrumb\",\"itemListElement\":[{\"@type\":\"ListItem\",\"position\":1,\"name\":\"Accueil\",\"item\":\"https:\\\/\\\/www.atelier-du-temps.com\\\/accueil-new\\\/\"},{\"@type\":\"ListItem\",\"position\":2,\"name\":\"ACTIVITES\",\"item\":\"https:\\\/\\\/www.atelier-du-temps.com\\\/accueil-new\\\/activites\\\/\"},{\"@type\":\"ListItem\",\"position\":3,\"name\":\"Les sorties\"}]},{\"@type\":\"WebSite\",\"@id\":\"https:\\\/\\\/www.atelier-du-temps.com\\\/accueil-new\\\/#website\",\"url\":\"https:\\\/\\\/www.atelier-du-temps.com\\\/accueil-new\\\/\",\"name\":\"ATELIER DU TEMPS\",\"description\":\"Le mus\u00e9e vivant de l&#039;automobile\",\"publisher\":{\"@id\":\"https:\\\/\\\/www.atelier-du-temps.com\\\/accueil-new\\\/#organization\"},\"potentialAction\":[{\"@type\":\"SearchAction\",\"target\":{\"@type\":\"EntryPoint\",\"urlTemplate\":\"https:\\\/\\\/www.atelier-du-temps.com\\\/accueil-new\\\/?s={search_term_string}\"},\"query-input\":{\"@type\":\"PropertyValueSpecification\",\"valueRequired\":true,\"valueName\":\"search_term_string\"}}],\"inLanguage\":\"fr-FR\"},{\"@type\":\"Organization\",\"@id\":\"https:\\\/\\\/www.atelier-du-temps.com\\\/accueil-new\\\/#organization\",\"name\":\"ATELIER DU TEMPS\",\"url\":\"https:\\\/\\\/www.atelier-du-temps.com\\\/accueil-new\\\/\",\"logo\":{\"@type\":\"ImageObject\",\"inLanguage\":\"fr-FR\",\"@id\":\"https:\\\/\\\/www.atelier-du-temps.com\\\/accueil-new\\\/#\\\/schema\\\/logo\\\/image\\\/\",\"url\":\"https:\\\/\\\/www.atelier-du-temps.com\\\/wp-content\\\/uploads\\\/AT-logo-site-scaled.jpg\",\"contentUrl\":\"https:\\\/\\\/www.atelier-du-temps.com\\\/wp-content\\\/uploads\\\/AT-logo-site-scaled.jpg\",\"width\":2560,\"height\":1150,\"caption\":\"ATELIER DU TEMPS\"},\"image\":{\"@id\":\"https:\\\/\\\/www.atelier-du-temps.com\\\/accueil-new\\\/#\\\/schema\\\/logo\\\/image\\\/\"}}]}<\/script>\n<!-- \/ Yoast SEO plugin. -->","yoast_head_json":{"title":"Les sorties - ATELIER DU TEMPS","robots":{"index":"index","follow":"follow","max-snippet":"max-snippet:-1","max-image-preview":"max-image-preview:large","max-video-preview":"max-video-preview:-1"},"canonical":"https:\/\/www.atelier-du-temps.com\/accueil-new\/activites\/les-sorties\/","og_locale":"fr_FR","og_type":"article","og_title":"Les sorties - ATELIER DU TEMPS","og_description":"[vc_row][vc_column][\/vc_column][\/vc_row][vc_row][vc_column][vc_column_text]L&rsquo;association organise avec l&rsquo;aide de ses adh\u00e9rents des sorties et des balades, et participe aux sorties d&rsquo;autres associations ou \u00e0 des \u00e9v\u00e9nements nationaux ou r\u00e9gionaux. Voici quelques r\u00e9cits et photos[\/vc_column_text][\/vc_column][\/vc_row]","og_url":"https:\/\/www.atelier-du-temps.com\/accueil-new\/activites\/les-sorties\/","og_site_name":"ATELIER DU TEMPS","article_modified_time":"2023-07-23T14:47:57+00:00","twitter_card":"summary_large_image","twitter_misc":{"Dur\u00e9e de lecture estim\u00e9e":"1 minute"},"schema":{"@context":"https:\/\/schema.org","@graph":[{"@type":"WebPage","@id":"https:\/\/www.atelier-du-temps.com\/accueil-new\/activites\/les-sorties\/","url":"https:\/\/www.atelier-du-temps.com\/accueil-new\/activites\/les-sorties\/","name":"Les sorties - ATELIER DU TEMPS","isPartOf":{"@id":"https:\/\/www.atelier-du-temps.com\/accueil-new\/#website"},"datePublished":"2016-11-02T16:10:06+00:00","dateModified":"2023-07-23T14:47:57+00:00","breadcrumb":{"@id":"https:\/\/www.atelier-du-temps.com\/accueil-new\/activites\/les-sorties\/#breadcrumb"},"inLanguage":"fr-FR","potentialAction":[{"@type":"ReadAction","target":["https:\/\/www.atelier-du-temps.com\/accueil-new\/activites\/les-sorties\/"]}]},{"@type":"BreadcrumbList","@id":"https:\/\/www.atelier-du-temps.com\/accueil-new\/activites\/les-sorties\/#breadcrumb","itemListElement":[{"@type":"ListItem","position":1,"name":"Accueil","item":"https:\/\/www.atelier-du-temps.com\/accueil-new\/"},{"@type":"ListItem","position":2,"name":"ACTIVITES","item":"https:\/\/www.atelier-du-temps.com\/accueil-new\/activites\/"},{"@type":"ListItem","position":3,"name":"Les sorties"}]},{"@type":"WebSite","@id":"https:\/\/www.atelier-du-temps.com\/accueil-new\/#website","url":"https:\/\/www.atelier-du-temps.com\/accueil-new\/","name":"ATELIER DU TEMPS","description":"Le mus\u00e9e vivant de l&#039;automobile","publisher":{"@id":"https:\/\/www.atelier-du-temps.com\/accueil-new\/#organization"},"potentialAction":[{"@type":"SearchAction","target":{"@type":"EntryPoint","urlTemplate":"https:\/\/www.atelier-du-temps.com\/accueil-new\/?s={search_term_string}"},"query-input":{"@type":"PropertyValueSpecification","valueRequired":true,"valueName":"search_term_string"}}],"inLanguage":"fr-FR"},{"@type":"Organization","@id":"https:\/\/www.atelier-du-temps.com\/accueil-new\/#organization","name":"ATELIER DU TEMPS","url":"https:\/\/www.atelier-du-temps.com\/accueil-new\/","logo":{"@type":"ImageObject","inLanguage":"fr-FR","@id":"https:\/\/www.atelier-du-temps.com\/accueil-new\/#\/schema\/logo\/image\/","url":"https:\/\/www.atelier-du-temps.com\/wp-content\/uploads\/AT-logo-site-scaled.jpg","contentUrl":"https:\/\/www.atelier-du-temps.com\/wp-content\/uploads\/AT-logo-site-scaled.jpg","width":2560,"height":1150,"caption":"ATELIER DU TEMPS"},"image":{"@id":"https:\/\/www.atelier-du-temps.com\/accueil-new\/#\/schema\/logo\/image\/"}}]}},"ticketed":false,"_links":{"self":[{"href":"https:\/\/www.atelier-du-temps.com\/accueil-new\/wp-json\/wp\/v2\/pages\/42402","targetHints":{"allow":["GET"]}}],"collection":[{"href":"https:\/\/www.atelier-du-temps.com\/accueil-new\/wp-json\/wp\/v2\/pages"}],"about":[{"href":"https:\/\/www.atelier-du-temps.com\/accueil-new\/wp-json\/wp\/v2\/types\/page"}],"author":[{"embeddable":true,"href":"https:\/\/www.atelier-du-temps.com\/accueil-new\/wp-json\/wp\/v2\/users\/1"}],"replies":[{"embeddable":true,"href":"https:\/\/www.atelier-du-temps.com\/accueil-new\/wp-json\/wp\/v2\/comments?post=42402"}],"version-history":[{"count":2,"href":"https:\/\/www.atelier-du-temps.com\/accueil-new\/wp-json\/wp\/v2\/pages\/42402\/revisions"}],"predecessor-version":[{"id":60816,"href":"https:\/\/www.atelier-du-temps.com\/accueil-new\/wp-json\/wp\/v2\/pages\/42402\/revisions\/60816"}],"up":[{"embeddable":true,"href":"https:\/\/www.atelier-du-temps.com\/accueil-new\/wp-json\/wp\/v2\/pages\/42391"}],"wp:attachment":[{"href":"https:\/\/www.atelier-du-temps.com\/accueil-new\/wp-json\/wp\/v2\/media?parent=42402"}],"curies":[{"name":"wp","href":"https:\/\/api.w.org\/{rel}","templated":true}]}}