{"id":56757,"date":"2018-01-17T09:48:54","date_gmt":"2018-01-17T07:48:54","guid":{"rendered":"https:\/\/www.atelier-du-temps.com\/?page_id=56757"},"modified":"2018-01-17T09:48:54","modified_gmt":"2018-01-17T07:48:54","slug":"sorties-2018","status":"publish","type":"page","link":"https:\/\/www.atelier-du-temps.com\/accueil-new\/activites\/les-sorties\/sorties-2018\/","title":{"rendered":"Sorties 2018"},"content":{"rendered":"<div class=\"wpb-content-wrapper\">[vc_row][vc_column]<nav class=\"vcex-module vcex-navbar clr\"><div class=\"vcex-navbar-inner clr\"><\/div><\/nav>[\/vc_column][\/vc_row][vc_row][vc_column]<div class=\"vcex-module vcex-portfolio-grid-wrap wpex-clr\"><div class=\"wpex-row vcex-portfolio-grid wpex-clr entries match-height-grid\" data-transition-duration=\"0.0\"><div class=\"portfolio-entry entry-has-details span_1_of_3 col col-1 post-58135 entry type-portfolio has-media cat-1904 cat-972\"><div class=\"portfolio-entry-inner entry-inner wpex-clr\"><div class=\"portfolio-entry-media entry-media wpex-clr\"><a href=\"https:\/\/www.atelier-du-temps.com\/accueil-new\/portfolio-item\/sortie-din-d-annee-2018\/\" title=\"Sortie fin d&rsquo;ann\u00e9e 2018\" class=\"portfolio-entry-media-link\"><img loading=\"lazy\" decoding=\"async\" class=\"portfolio-entry-img\" src=\"https:\/\/www.atelier-du-temps.com\/wp-content\/uploads\/IMG_3378-1-400x267-2.jpg\" data-no-retina width=\"400\" height=\"267\" \/><\/a><\/div><div class=\"portfolio-entry-details entry-details wpex-clr\"><div class=\"match-height-content\"><h2 class=\"portfolio-entry-title entry-title\"><a href=\"https:\/\/www.atelier-du-temps.com\/accueil-new\/portfolio-item\/sortie-din-d-annee-2018\/\" title=\"Sortie fin d&rsquo;ann\u00e9e 2018\">Sortie fin d&rsquo;ann\u00e9e 2018<\/a><\/h2><\/div><\/div><\/div><\/div><div class=\"portfolio-entry entry-has-details span_1_of_3 col col-2 post-57165 entry type-portfolio has-media cat-1904 cat-972\"><div class=\"portfolio-entry-inner entry-inner wpex-clr\"><div class=\"portfolio-entry-media entry-media wpex-clr\"><a href=\"https:\/\/www.atelier-du-temps.com\/accueil-new\/portfolio-item\/balade-matinale-et-dejeuner-chez-benureau-2018\/\" title=\"Balade matinale et d\u00e9jeuner chez B\u00e9nureau\" class=\"portfolio-entry-media-link\"><img loading=\"lazy\" decoding=\"async\" class=\"portfolio-entry-img\" src=\"https:\/\/www.atelier-du-temps.com\/wp-content\/uploads\/180318-Balade-matinale_47-400x300.jpg\" data-no-retina width=\"400\" height=\"300\" \/><\/a><\/div><div class=\"portfolio-entry-details entry-details wpex-clr\"><div class=\"match-height-content\"><h2 class=\"portfolio-entry-title entry-title\"><a href=\"https:\/\/www.atelier-du-temps.com\/accueil-new\/portfolio-item\/balade-matinale-et-dejeuner-chez-benureau-2018\/\" title=\"Balade matinale et d\u00e9jeuner chez B\u00e9nureau\">Balade matinale et d\u00e9jeuner chez B\u00e9nureau<\/a><\/h2><\/div><\/div><\/div><\/div><div class=\"portfolio-entry entry-has-details span_1_of_3 col col-3 post-57544 entry type-portfolio has-media cat-1904 cat-972\"><div class=\"portfolio-entry-inner entry-inner wpex-clr\"><div class=\"portfolio-entry-media entry-media wpex-clr\"><a href=\"https:\/\/www.atelier-du-temps.com\/accueil-new\/portfolio-item\/balade-avec-le-clubsupercinq\/\" title=\"Balade avec le ClubSupercinq\" class=\"portfolio-entry-media-link\"><img loading=\"lazy\" decoding=\"async\" class=\"portfolio-entry-img\" src=\"https:\/\/www.atelier-du-temps.com\/wp-content\/uploads\/2018-04-15-Sortie-Super-5_06-400x300.jpg\" data-no-retina width=\"400\" height=\"300\" \/><\/a><\/div><div class=\"portfolio-entry-details entry-details wpex-clr\"><div class=\"match-height-content\"><h2 class=\"portfolio-entry-title entry-title\"><a href=\"https:\/\/www.atelier-du-temps.com\/accueil-new\/portfolio-item\/balade-avec-le-clubsupercinq\/\" title=\"Balade avec le ClubSupercinq\">Balade avec le ClubSupercinq<\/a><\/h2><\/div><\/div><\/div><\/div><div class=\"portfolio-entry entry-has-details span_1_of_3 col col-1 post-57548 entry type-portfolio has-media cat-1904 cat-972\"><div class=\"portfolio-entry-inner entry-inner wpex-clr\"><div class=\"portfolio-entry-media entry-media wpex-clr\"><a href=\"https:\/\/www.atelier-du-temps.com\/accueil-new\/portfolio-item\/2e-journee-nationale-des-vehicules-depoque-au-chateau-de-goulaine\/\" title=\"2\u00e8 Journ\u00e9e Nationale des V\u00e9hicules d&rsquo;Epoque au Ch\u00e2teau de Goulaine\" class=\"portfolio-entry-media-link\"><img loading=\"lazy\" decoding=\"async\" class=\"portfolio-entry-img\" src=\"https:\/\/www.atelier-du-temps.com\/wp-content\/uploads\/JNVE2018-350x300.gif\" data-no-retina width=\"350\" height=\"300\" \/><\/a><\/div><div class=\"portfolio-entry-details entry-details wpex-clr\"><div class=\"match-height-content\"><h2 class=\"portfolio-entry-title entry-title\"><a href=\"https:\/\/www.atelier-du-temps.com\/accueil-new\/portfolio-item\/2e-journee-nationale-des-vehicules-depoque-au-chateau-de-goulaine\/\" title=\"2\u00e8 Journ\u00e9e Nationale des V\u00e9hicules d&rsquo;Epoque au Ch\u00e2teau de Goulaine\">2\u00e8 Journ\u00e9e Nationale des V\u00e9hicules d&rsquo;Epoque au Ch\u00e2teau de Goulaine<\/a><\/h2><\/div><\/div><\/div><\/div><\/div><\/div>[\/vc_column][\/vc_row]\n<\/div>","protected":false},"excerpt":{"rendered":"<p>[vc_row][vc_column][\/vc_column][\/vc_row][vc_row][vc_column][\/vc_column][\/vc_row]<\/p>\n","protected":false},"author":1,"featured_media":0,"parent":42402,"menu_order":0,"comment_status":"closed","ping_status":"closed","template":"","meta":{"_crdt_document":"","_exactmetrics_skip_tracking":false,"_exactmetrics_sitenote_active":false,"_exactmetrics_sitenote_note":"","_exactmetrics_sitenote_category":0,"_price":"","_stock":"","_tribe_ticket_header":"","_tribe_default_ticket_provider":"","_tribe_ticket_capacity":"0","_ticket_start_date":"","_ticket_end_date":"","_tribe_ticket_show_description":"","_tribe_ticket_show_not_going":false,"_tribe_ticket_use_global_stock":"","_tribe_ticket_global_stock_level":"","_global_stock_mode":"","_global_stock_cap":"","_tribe_rsvp_for_event":"","_tribe_ticket_going_count":"","_tribe_ticket_not_going_count":"","_tribe_tickets_list":"[]","_tribe_ticket_has_attendee_info_fields":false,"footnotes":"","_tec_slr_enabled":"","_tec_slr_layout":""},"class_list":["post-56757","page","type-page","status-publish","hentry","entry","no-media"],"yoast_head":"<!-- This site is optimized with the Yoast SEO plugin v27.4 - https:\/\/yoast.com\/product\/yoast-seo-wordpress\/ -->\n<title>Sorties 2018 - ATELIER DU TEMPS<\/title>\n<meta name=\"robots\" content=\"index, follow, max-snippet:-1, max-image-preview:large, max-video-preview:-1\" \/>\n<link rel=\"canonical\" href=\"https:\/\/www.atelier-du-temps.com\/accueil-new\/activites\/les-sorties\/sorties-2018\/\" \/>\n<meta property=\"og:locale\" content=\"fr_FR\" \/>\n<meta property=\"og:type\" content=\"article\" \/>\n<meta property=\"og:title\" content=\"Sorties 2018 - ATELIER DU TEMPS\" \/>\n<meta property=\"og:description\" content=\"[vc_row][vc_column][\/vc_column][\/vc_row][vc_row][vc_column][\/vc_column][\/vc_row]\" \/>\n<meta property=\"og:url\" content=\"https:\/\/www.atelier-du-temps.com\/accueil-new\/activites\/les-sorties\/sorties-2018\/\" \/>\n<meta property=\"og:site_name\" content=\"ATELIER DU TEMPS\" \/>\n<meta name=\"twitter:card\" content=\"summary_large_image\" \/>\n<script type=\"application\/ld+json\" class=\"yoast-schema-graph\">{\"@context\":\"https:\\\/\\\/schema.org\",\"@graph\":[{\"@type\":\"WebPage\",\"@id\":\"https:\\\/\\\/www.atelier-du-temps.com\\\/accueil-new\\\/activites\\\/les-sorties\\\/sorties-2018\\\/\",\"url\":\"https:\\\/\\\/www.atelier-du-temps.com\\\/accueil-new\\\/activites\\\/les-sorties\\\/sorties-2018\\\/\",\"name\":\"Sorties 2018 - ATELIER DU TEMPS\",\"isPartOf\":{\"@id\":\"https:\\\/\\\/www.atelier-du-temps.com\\\/accueil-new\\\/#website\"},\"datePublished\":\"2018-01-17T07:48:54+00:00\",\"breadcrumb\":{\"@id\":\"https:\\\/\\\/www.atelier-du-temps.com\\\/accueil-new\\\/activites\\\/les-sorties\\\/sorties-2018\\\/#breadcrumb\"},\"inLanguage\":\"fr-FR\",\"potentialAction\":[{\"@type\":\"ReadAction\",\"target\":[\"https:\\\/\\\/www.atelier-du-temps.com\\\/accueil-new\\\/activites\\\/les-sorties\\\/sorties-2018\\\/\"]}]},{\"@type\":\"BreadcrumbList\",\"@id\":\"https:\\\/\\\/www.atelier-du-temps.com\\\/accueil-new\\\/activites\\\/les-sorties\\\/sorties-2018\\\/#breadcrumb\",\"itemListElement\":[{\"@type\":\"ListItem\",\"position\":1,\"name\":\"Accueil\",\"item\":\"https:\\\/\\\/www.atelier-du-temps.com\\\/accueil-new\\\/\"},{\"@type\":\"ListItem\",\"position\":2,\"name\":\"ACTIVITES\",\"item\":\"https:\\\/\\\/www.atelier-du-temps.com\\\/accueil-new\\\/activites\\\/\"},{\"@type\":\"ListItem\",\"position\":3,\"name\":\"Les sorties\",\"item\":\"https:\\\/\\\/www.atelier-du-temps.com\\\/accueil-new\\\/activites\\\/les-sorties\\\/\"},{\"@type\":\"ListItem\",\"position\":4,\"name\":\"Sorties 2018\"}]},{\"@type\":\"WebSite\",\"@id\":\"https:\\\/\\\/www.atelier-du-temps.com\\\/accueil-new\\\/#website\",\"url\":\"https:\\\/\\\/www.atelier-du-temps.com\\\/accueil-new\\\/\",\"name\":\"ATELIER DU TEMPS\",\"description\":\"Le mus\u00e9e vivant de l&#039;automobile\",\"publisher\":{\"@id\":\"https:\\\/\\\/www.atelier-du-temps.com\\\/accueil-new\\\/#organization\"},\"potentialAction\":[{\"@type\":\"SearchAction\",\"target\":{\"@type\":\"EntryPoint\",\"urlTemplate\":\"https:\\\/\\\/www.atelier-du-temps.com\\\/accueil-new\\\/?s={search_term_string}\"},\"query-input\":{\"@type\":\"PropertyValueSpecification\",\"valueRequired\":true,\"valueName\":\"search_term_string\"}}],\"inLanguage\":\"fr-FR\"},{\"@type\":\"Organization\",\"@id\":\"https:\\\/\\\/www.atelier-du-temps.com\\\/accueil-new\\\/#organization\",\"name\":\"ATELIER DU TEMPS\",\"url\":\"https:\\\/\\\/www.atelier-du-temps.com\\\/accueil-new\\\/\",\"logo\":{\"@type\":\"ImageObject\",\"inLanguage\":\"fr-FR\",\"@id\":\"https:\\\/\\\/www.atelier-du-temps.com\\\/accueil-new\\\/#\\\/schema\\\/logo\\\/image\\\/\",\"url\":\"https:\\\/\\\/www.atelier-du-temps.com\\\/wp-content\\\/uploads\\\/AT-logo-site-scaled.jpg\",\"contentUrl\":\"https:\\\/\\\/www.atelier-du-temps.com\\\/wp-content\\\/uploads\\\/AT-logo-site-scaled.jpg\",\"width\":2560,\"height\":1150,\"caption\":\"ATELIER DU TEMPS\"},\"image\":{\"@id\":\"https:\\\/\\\/www.atelier-du-temps.com\\\/accueil-new\\\/#\\\/schema\\\/logo\\\/image\\\/\"}}]}<\/script>\n<!-- \/ Yoast SEO plugin. -->","yoast_head_json":{"title":"Sorties 2018 - ATELIER DU TEMPS","robots":{"index":"index","follow":"follow","max-snippet":"max-snippet:-1","max-image-preview":"max-image-preview:large","max-video-preview":"max-video-preview:-1"},"canonical":"https:\/\/www.atelier-du-temps.com\/accueil-new\/activites\/les-sorties\/sorties-2018\/","og_locale":"fr_FR","og_type":"article","og_title":"Sorties 2018 - ATELIER DU TEMPS","og_description":"[vc_row][vc_column][\/vc_column][\/vc_row][vc_row][vc_column][\/vc_column][\/vc_row]","og_url":"https:\/\/www.atelier-du-temps.com\/accueil-new\/activites\/les-sorties\/sorties-2018\/","og_site_name":"ATELIER DU TEMPS","twitter_card":"summary_large_image","schema":{"@context":"https:\/\/schema.org","@graph":[{"@type":"WebPage","@id":"https:\/\/www.atelier-du-temps.com\/accueil-new\/activites\/les-sorties\/sorties-2018\/","url":"https:\/\/www.atelier-du-temps.com\/accueil-new\/activites\/les-sorties\/sorties-2018\/","name":"Sorties 2018 - ATELIER DU TEMPS","isPartOf":{"@id":"https:\/\/www.atelier-du-temps.com\/accueil-new\/#website"},"datePublished":"2018-01-17T07:48:54+00:00","breadcrumb":{"@id":"https:\/\/www.atelier-du-temps.com\/accueil-new\/activites\/les-sorties\/sorties-2018\/#breadcrumb"},"inLanguage":"fr-FR","potentialAction":[{"@type":"ReadAction","target":["https:\/\/www.atelier-du-temps.com\/accueil-new\/activites\/les-sorties\/sorties-2018\/"]}]},{"@type":"BreadcrumbList","@id":"https:\/\/www.atelier-du-temps.com\/accueil-new\/activites\/les-sorties\/sorties-2018\/#breadcrumb","itemListElement":[{"@type":"ListItem","position":1,"name":"Accueil","item":"https:\/\/www.atelier-du-temps.com\/accueil-new\/"},{"@type":"ListItem","position":2,"name":"ACTIVITES","item":"https:\/\/www.atelier-du-temps.com\/accueil-new\/activites\/"},{"@type":"ListItem","position":3,"name":"Les sorties","item":"https:\/\/www.atelier-du-temps.com\/accueil-new\/activites\/les-sorties\/"},{"@type":"ListItem","position":4,"name":"Sorties 2018"}]},{"@type":"WebSite","@id":"https:\/\/www.atelier-du-temps.com\/accueil-new\/#website","url":"https:\/\/www.atelier-du-temps.com\/accueil-new\/","name":"ATELIER DU TEMPS","description":"Le mus\u00e9e vivant de l&#039;automobile","publisher":{"@id":"https:\/\/www.atelier-du-temps.com\/accueil-new\/#organization"},"potentialAction":[{"@type":"SearchAction","target":{"@type":"EntryPoint","urlTemplate":"https:\/\/www.atelier-du-temps.com\/accueil-new\/?s={search_term_string}"},"query-input":{"@type":"PropertyValueSpecification","valueRequired":true,"valueName":"search_term_string"}}],"inLanguage":"fr-FR"},{"@type":"Organization","@id":"https:\/\/www.atelier-du-temps.com\/accueil-new\/#organization","name":"ATELIER DU TEMPS","url":"https:\/\/www.atelier-du-temps.com\/accueil-new\/","logo":{"@type":"ImageObject","inLanguage":"fr-FR","@id":"https:\/\/www.atelier-du-temps.com\/accueil-new\/#\/schema\/logo\/image\/","url":"https:\/\/www.atelier-du-temps.com\/wp-content\/uploads\/AT-logo-site-scaled.jpg","contentUrl":"https:\/\/www.atelier-du-temps.com\/wp-content\/uploads\/AT-logo-site-scaled.jpg","width":2560,"height":1150,"caption":"ATELIER DU TEMPS"},"image":{"@id":"https:\/\/www.atelier-du-temps.com\/accueil-new\/#\/schema\/logo\/image\/"}}]}},"ticketed":false,"_links":{"self":[{"href":"https:\/\/www.atelier-du-temps.com\/accueil-new\/wp-json\/wp\/v2\/pages\/56757","targetHints":{"allow":["GET"]}}],"collection":[{"href":"https:\/\/www.atelier-du-temps.com\/accueil-new\/wp-json\/wp\/v2\/pages"}],"about":[{"href":"https:\/\/www.atelier-du-temps.com\/accueil-new\/wp-json\/wp\/v2\/types\/page"}],"author":[{"embeddable":true,"href":"https:\/\/www.atelier-du-temps.com\/accueil-new\/wp-json\/wp\/v2\/users\/1"}],"replies":[{"embeddable":true,"href":"https:\/\/www.atelier-du-temps.com\/accueil-new\/wp-json\/wp\/v2\/comments?post=56757"}],"version-history":[{"count":1,"href":"https:\/\/www.atelier-du-temps.com\/accueil-new\/wp-json\/wp\/v2\/pages\/56757\/revisions"}],"predecessor-version":[{"id":56758,"href":"https:\/\/www.atelier-du-temps.com\/accueil-new\/wp-json\/wp\/v2\/pages\/56757\/revisions\/56758"}],"up":[{"embeddable":true,"href":"https:\/\/www.atelier-du-temps.com\/accueil-new\/wp-json\/wp\/v2\/pages\/42402"}],"wp:attachment":[{"href":"https:\/\/www.atelier-du-temps.com\/accueil-new\/wp-json\/wp\/v2\/media?parent=56757"}],"curies":[{"name":"wp","href":"https:\/\/api.w.org\/{rel}","templated":true}]}}