{"id":6937,"date":"2016-08-15T21:51:28","date_gmt":"2016-08-15T19:51:28","guid":{"rendered":"https:\/\/www.atelier-du-temps.com\/\/?page_id=6937"},"modified":"2021-09-03T23:11:32","modified_gmt":"2021-09-03T21:11:32","slug":"les-differentes-annees","status":"publish","type":"page","link":"https:\/\/www.atelier-du-temps.com\/accueil-new\/les-vehicules\/les-differentes-annees\/","title":{"rendered":"Les diff\u00e9rentes ann\u00e9es"},"content":{"rendered":"<div class=\"wpb-content-wrapper\">[vc_row][vc_column][vc_column_text]Un v\u00e9hicule est classifi\u00e9 \u00ab\u00a0Collection\u00a0\u00bb s&rsquo;il a plus de 30 ans (25 ans avant le 15 octobre 2009, date de mise en place du nouveau syst\u00e8me d&rsquo;immatriculation des v\u00e9hicules ou SIV, voir le site\u00a0<a href=\"http:\/\/www.ffve.org\/\" target=\"_blank\" rel=\"noopener noreferrer\">F\u00e9d\u00e9ration Fran\u00e7aise des V\u00e9hicules d&rsquo;Epoque<\/a>)<\/p>\n<p>Le club permet \u00e0 ses adh\u00e9rents de participer \u00e0 certaines de ses sorties avec des v\u00e9hicules \u00ab\u00a0Youngtimers\u00a0\u00bb.<\/p>\n<p>Voici quelques photos des v\u00e9hicules du club[\/vc_column_text][\/vc_column][\/vc_row][vc_row][vc_column]<div class=\"vcex-module vcex-portfolio-grid-wrap wpex-clr\"><div class=\"wpex-row vcex-portfolio-grid wpex-clr entries match-height-grid\" data-transition-duration=\"0.0\"><div class=\"portfolio-entry entry-has-details span_1_of_3 col col-1 textcenter post-28131 entry type-portfolio has-media cat-129\"><div class=\"portfolio-entry-inner entry-inner wpex-clr\"><div class=\"portfolio-entry-media entry-media wpex-clr\"><a href=\"https:\/\/www.atelier-du-temps.com\/accueil-new\/portfolio-item\/annees-1900\/\" title=\"Ann\u00e9es 1900\" class=\"portfolio-entry-media-link\"><img loading=\"lazy\" decoding=\"async\" width=\"400\" height=\"300\" src=\"https:\/\/www.atelier-du-temps.com\/wp-content\/uploads\/2016\/09\/Zedel-1-400x300.jpeg\" class=\"portfolio-entry-img\" alt=\"\" \/><\/a><\/div><div class=\"portfolio-entry-details entry-details wpex-clr\"><div class=\"match-height-content\"><h2 class=\"portfolio-entry-title entry-title\" style=\"font-size:12px;line-height:.5;\"><a href=\"https:\/\/www.atelier-du-temps.com\/accueil-new\/portfolio-item\/annees-1900\/\" title=\"Ann\u00e9es 1900\">Ann\u00e9es 1900<\/a><\/h2><\/div><\/div><\/div><\/div><div class=\"portfolio-entry entry-has-details span_1_of_3 col col-2 textcenter post-28134 entry type-portfolio has-media cat-129\"><div class=\"portfolio-entry-inner entry-inner wpex-clr\"><div class=\"portfolio-entry-media entry-media wpex-clr\"><a href=\"https:\/\/www.atelier-du-temps.com\/accueil-new\/portfolio-item\/annees-1910\/\" title=\"Ann\u00e9es 1910\" class=\"portfolio-entry-media-link\"><img loading=\"lazy\" decoding=\"async\" width=\"400\" height=\"300\" src=\"https:\/\/www.atelier-du-temps.com\/wp-content\/uploads\/Terrot175cm3-1919_CMO-400x300.jpg\" class=\"portfolio-entry-img\" alt=\"\" \/><\/a><\/div><div class=\"portfolio-entry-details entry-details wpex-clr\"><div class=\"match-height-content\"><h2 class=\"portfolio-entry-title entry-title\" style=\"font-size:12px;line-height:.5;\"><a href=\"https:\/\/www.atelier-du-temps.com\/accueil-new\/portfolio-item\/annees-1910\/\" title=\"Ann\u00e9es 1910\">Ann\u00e9es 1910<\/a><\/h2><\/div><\/div><\/div><\/div><div class=\"portfolio-entry entry-has-details span_1_of_3 col col-3 textcenter post-28136 entry type-portfolio has-media cat-129\"><div class=\"portfolio-entry-inner entry-inner wpex-clr\"><div class=\"portfolio-entry-media entry-media wpex-clr\"><a href=\"https:\/\/www.atelier-du-temps.com\/accueil-new\/portfolio-item\/annees-1920\/\" title=\"Ann\u00e9es 1920\" class=\"portfolio-entry-media-link\"><img loading=\"lazy\" decoding=\"async\" width=\"400\" height=\"300\" src=\"https:\/\/www.atelier-du-temps.com\/wp-content\/uploads\/2016\/08\/RenaultNN_JPR-400x300.jpg\" class=\"portfolio-entry-img\" alt=\"\" \/><\/a><\/div><div class=\"portfolio-entry-details entry-details wpex-clr\"><div class=\"match-height-content\"><h2 class=\"portfolio-entry-title entry-title\" style=\"font-size:12px;line-height:.5;\"><a href=\"https:\/\/www.atelier-du-temps.com\/accueil-new\/portfolio-item\/annees-1920\/\" title=\"Ann\u00e9es 1920\">Ann\u00e9es 1920<\/a><\/h2><\/div><\/div><\/div><\/div><div class=\"portfolio-entry entry-has-details span_1_of_3 col col-1 textcenter post-28138 entry type-portfolio has-media cat-129\"><div class=\"portfolio-entry-inner entry-inner wpex-clr\"><div class=\"portfolio-entry-media entry-media wpex-clr\"><a href=\"https:\/\/www.atelier-du-temps.com\/accueil-new\/portfolio-item\/annees-1930\/\" title=\"Ann\u00e9es 1930\" class=\"portfolio-entry-media-link\"><img loading=\"lazy\" decoding=\"async\" width=\"400\" height=\"300\" src=\"https:\/\/www.atelier-du-temps.com\/wp-content\/uploads\/2016\/04\/Delahaye_YNO-1-400x300.jpg\" class=\"portfolio-entry-img\" alt=\"\" \/><\/a><\/div><div class=\"portfolio-entry-details entry-details wpex-clr\"><div class=\"match-height-content\"><h2 class=\"portfolio-entry-title entry-title\" style=\"font-size:12px;line-height:.5;\"><a href=\"https:\/\/www.atelier-du-temps.com\/accueil-new\/portfolio-item\/annees-1930\/\" title=\"Ann\u00e9es 1930\">Ann\u00e9es 1930<\/a><\/h2><\/div><\/div><\/div><\/div><div class=\"portfolio-entry entry-has-details span_1_of_3 col col-2 textcenter post-28140 entry type-portfolio has-media cat-129\"><div class=\"portfolio-entry-inner entry-inner wpex-clr\"><div class=\"portfolio-entry-media entry-media wpex-clr\"><a href=\"https:\/\/www.atelier-du-temps.com\/accueil-new\/portfolio-item\/annees-1940\/\" title=\"Ann\u00e9es 1940\" class=\"portfolio-entry-media-link\"><img loading=\"lazy\" decoding=\"async\" width=\"400\" height=\"300\" src=\"https:\/\/www.atelier-du-temps.com\/wp-content\/uploads\/Simca6-1948_GVA-400x300.jpg\" class=\"portfolio-entry-img\" alt=\"\" \/><\/a><\/div><div class=\"portfolio-entry-details entry-details wpex-clr\"><div class=\"match-height-content\"><h2 class=\"portfolio-entry-title entry-title\" style=\"font-size:12px;line-height:.5;\"><a href=\"https:\/\/www.atelier-du-temps.com\/accueil-new\/portfolio-item\/annees-1940\/\" title=\"Ann\u00e9es 1940\">Ann\u00e9es 1940<\/a><\/h2><\/div><\/div><\/div><\/div><div class=\"portfolio-entry entry-has-details span_1_of_3 col col-3 textcenter post-28142 entry type-portfolio has-media cat-129\"><div class=\"portfolio-entry-inner entry-inner wpex-clr\"><div class=\"portfolio-entry-media entry-media wpex-clr\"><a href=\"https:\/\/www.atelier-du-temps.com\/accueil-new\/portfolio-item\/annees-1950\/\" title=\"Ann\u00e9es 1950\" class=\"portfolio-entry-media-link\"><img loading=\"lazy\" decoding=\"async\" width=\"400\" height=\"300\" src=\"https:\/\/www.atelier-du-temps.com\/wp-content\/uploads\/2016\/04\/Peugeot203U8_JPL-400x300.jpg\" class=\"portfolio-entry-img\" alt=\"\" \/><\/a><\/div><div class=\"portfolio-entry-details entry-details wpex-clr\"><div class=\"match-height-content\"><h2 class=\"portfolio-entry-title entry-title\" style=\"font-size:12px;line-height:.5;\"><a href=\"https:\/\/www.atelier-du-temps.com\/accueil-new\/portfolio-item\/annees-1950\/\" title=\"Ann\u00e9es 1950\">Ann\u00e9es 1950<\/a><\/h2><\/div><\/div><\/div><\/div><div class=\"portfolio-entry entry-has-details span_1_of_3 col col-1 textcenter post-28144 entry type-portfolio has-media cat-129\"><div class=\"portfolio-entry-inner entry-inner wpex-clr\"><div class=\"portfolio-entry-media entry-media wpex-clr\"><a href=\"https:\/\/www.atelier-du-temps.com\/accueil-new\/portfolio-item\/annees-1960\/\" title=\"Ann\u00e9es 1960\" class=\"portfolio-entry-media-link\"><img loading=\"lazy\" decoding=\"async\" width=\"400\" height=\"300\" src=\"https:\/\/www.atelier-du-temps.com\/wp-content\/uploads\/2016\/04\/Citroen2cv_DDE-400x300.jpg\" class=\"portfolio-entry-img\" alt=\"\" \/><\/a><\/div><div class=\"portfolio-entry-details entry-details wpex-clr\"><div class=\"match-height-content\"><h2 class=\"portfolio-entry-title entry-title\" style=\"font-size:12px;line-height:.5;\"><a href=\"https:\/\/www.atelier-du-temps.com\/accueil-new\/portfolio-item\/annees-1960\/\" title=\"Ann\u00e9es 1960\">Ann\u00e9es 1960<\/a><\/h2><\/div><\/div><\/div><\/div><div class=\"portfolio-entry entry-has-details span_1_of_3 col col-2 textcenter post-28146 entry type-portfolio has-media cat-129\"><div class=\"portfolio-entry-inner entry-inner wpex-clr\"><div class=\"portfolio-entry-media entry-media wpex-clr\"><a href=\"https:\/\/www.atelier-du-temps.com\/accueil-new\/portfolio-item\/annees-1970\/\" title=\"Ann\u00e9es 1970\" class=\"portfolio-entry-media-link\"><img loading=\"lazy\" decoding=\"async\" width=\"400\" height=\"300\" src=\"https:\/\/www.atelier-du-temps.com\/wp-content\/uploads\/2016\/04\/LanciaFluviaCoupe3_API-1-400x300.jpg\" class=\"portfolio-entry-img\" alt=\"\" srcset=\"https:\/\/www.atelier-du-temps.com\/wp-content\/uploads\/2016\/04\/LanciaFluviaCoupe3_API-1-400x300.jpg 400w, https:\/\/www.atelier-du-temps.com\/wp-content\/uploads\/2016\/04\/LanciaFluviaCoupe3_API-1.jpg 800w\" sizes=\"auto, (max-width: 400px) 100vw, 400px\" \/><\/a><\/div><div class=\"portfolio-entry-details entry-details wpex-clr\"><div class=\"match-height-content\"><h2 class=\"portfolio-entry-title entry-title\" style=\"font-size:12px;line-height:.5;\"><a href=\"https:\/\/www.atelier-du-temps.com\/accueil-new\/portfolio-item\/annees-1970\/\" title=\"Ann\u00e9es 1970\">Ann\u00e9es 1970<\/a><\/h2><\/div><\/div><\/div><\/div><div class=\"portfolio-entry entry-has-details span_1_of_3 col col-3 textcenter post-28148 entry type-portfolio has-media cat-129\"><div class=\"portfolio-entry-inner entry-inner wpex-clr\"><div class=\"portfolio-entry-media entry-media wpex-clr\"><a href=\"https:\/\/www.atelier-du-temps.com\/accueil-new\/portfolio-item\/annees-1980\/\" title=\"Ann\u00e9es 1980\" class=\"portfolio-entry-media-link\"><img loading=\"lazy\" decoding=\"async\" width=\"300\" height=\"225\" src=\"https:\/\/www.atelier-du-temps.com\/wp-content\/uploads\/2016\/04\/AustinMini_TRI-300x225.jpg\" class=\"portfolio-entry-img\" alt=\"\" srcset=\"https:\/\/www.atelier-du-temps.com\/wp-content\/uploads\/2016\/04\/AustinMini_TRI-300x225.jpg 300w, https:\/\/www.atelier-du-temps.com\/wp-content\/uploads\/2016\/04\/AustinMini_TRI-400x300.jpg 400w, https:\/\/www.atelier-du-temps.com\/wp-content\/uploads\/2016\/04\/AustinMini_TRI.jpg 800w\" sizes=\"auto, (max-width: 300px) 100vw, 300px\" \/><\/a><\/div><div class=\"portfolio-entry-details entry-details wpex-clr\"><div class=\"match-height-content\"><h2 class=\"portfolio-entry-title entry-title\" style=\"font-size:12px;line-height:.5;\"><a href=\"https:\/\/www.atelier-du-temps.com\/accueil-new\/portfolio-item\/annees-1980\/\" title=\"Ann\u00e9es 1980\">Ann\u00e9es 1980<\/a><\/h2><\/div><\/div><\/div><\/div><div class=\"portfolio-entry entry-has-details span_1_of_3 col col-1 textcenter post-28150 entry type-portfolio has-media cat-129 cat-974\"><div class=\"portfolio-entry-inner entry-inner wpex-clr\"><div class=\"portfolio-entry-media entry-media wpex-clr\"><a href=\"https:\/\/www.atelier-du-temps.com\/accueil-new\/portfolio-item\/youngtimers\/\" title=\"Youngtimers\" class=\"portfolio-entry-media-link\"><img loading=\"lazy\" decoding=\"async\" width=\"400\" height=\"300\" src=\"https:\/\/www.atelier-du-temps.com\/wp-content\/uploads\/JaguarXJSc\u00e9l\u00e9bration1996_PLE-400x300.jpg\" class=\"portfolio-entry-img\" alt=\"\" srcset=\"https:\/\/www.atelier-du-temps.com\/wp-content\/uploads\/JaguarXJSc\u00e9l\u00e9bration1996_PLE-400x300.jpg 400w, https:\/\/www.atelier-du-temps.com\/wp-content\/uploads\/JaguarXJSc\u00e9l\u00e9bration1996_PLE-600x450.jpg 600w, https:\/\/www.atelier-du-temps.com\/wp-content\/uploads\/JaguarXJSc\u00e9l\u00e9bration1996_PLE.jpg 800w\" sizes=\"auto, (max-width: 400px) 100vw, 400px\" \/><\/a><\/div><div class=\"portfolio-entry-details entry-details wpex-clr\"><div class=\"match-height-content\"><h2 class=\"portfolio-entry-title entry-title\" style=\"font-size:12px;line-height:.5;\"><a href=\"https:\/\/www.atelier-du-temps.com\/accueil-new\/portfolio-item\/youngtimers\/\" title=\"Youngtimers\">Youngtimers<\/a><\/h2><\/div><\/div><\/div><\/div><div class=\"portfolio-entry entry-has-details span_1_of_3 col col-2 textcenter post-58541 entry type-portfolio has-media cat-129\"><div class=\"portfolio-entry-inner entry-inner wpex-clr\"><div class=\"portfolio-entry-media entry-media wpex-clr\"><a href=\"https:\/\/www.atelier-du-temps.com\/accueil-new\/portfolio-item\/annees-90\/\" title=\"Ann\u00e9es 1990\" class=\"portfolio-entry-media-link\"><img loading=\"lazy\" decoding=\"async\" width=\"400\" height=\"258\" src=\"https:\/\/www.atelier-du-temps.com\/wp-content\/uploads\/PEUGEOT-205-Junior-1994-400x258.jpg\" class=\"portfolio-entry-img\" alt=\"\" srcset=\"https:\/\/www.atelier-du-temps.com\/wp-content\/uploads\/PEUGEOT-205-Junior-1994-400x258.jpg 400w, https:\/\/www.atelier-du-temps.com\/wp-content\/uploads\/PEUGEOT-205-Junior-1994-800x517.jpg 800w, https:\/\/www.atelier-du-temps.com\/wp-content\/uploads\/PEUGEOT-205-Junior-1994.jpg 929w\" sizes=\"auto, (max-width: 400px) 100vw, 400px\" \/><\/a><\/div><div class=\"portfolio-entry-details entry-details wpex-clr\"><div class=\"match-height-content\"><h2 class=\"portfolio-entry-title entry-title\" style=\"font-size:12px;line-height:.5;\"><a href=\"https:\/\/www.atelier-du-temps.com\/accueil-new\/portfolio-item\/annees-90\/\" title=\"Ann\u00e9es 1990\">Ann\u00e9es 1990<\/a><\/h2><\/div><\/div><\/div><\/div><\/div><\/div>[\/vc_column][\/vc_row]\n<\/div>","protected":false},"excerpt":{"rendered":"<p>[vc_row][vc_column][vc_column_text]Un v\u00e9hicule est classifi\u00e9 \u00ab\u00a0Collection\u00a0\u00bb s&rsquo;il a plus de 30 ans (25 ans avant le 15 octobre 2009, date de mise en place du nouveau syst\u00e8me d&rsquo;immatriculation des v\u00e9hicules ou SIV, voir le site\u00a0F\u00e9d\u00e9ration Fran\u00e7aise des V\u00e9hicules d&rsquo;Epoque) Le club&hellip;<\/p>\n","protected":false},"author":1,"featured_media":0,"parent":5876,"menu_order":0,"comment_status":"closed","ping_status":"closed","template":"","meta":{"_crdt_document":"","_exactmetrics_skip_tracking":false,"_exactmetrics_sitenote_active":false,"_exactmetrics_sitenote_note":"","_exactmetrics_sitenote_category":0,"_price":"","_stock":"","_tribe_ticket_header":"","_tribe_default_ticket_provider":"","_tribe_ticket_capacity":"0","_ticket_start_date":"","_ticket_end_date":"","_tribe_ticket_show_description":"","_tribe_ticket_show_not_going":false,"_tribe_ticket_use_global_stock":"","_tribe_ticket_global_stock_level":"","_global_stock_mode":"","_global_stock_cap":"","_tribe_rsvp_for_event":"","_tribe_ticket_going_count":"","_tribe_ticket_not_going_count":"","_tribe_tickets_list":"[]","_tribe_ticket_has_attendee_info_fields":false,"footnotes":"","_tec_slr_enabled":"","_tec_slr_layout":""},"class_list":["post-6937","page","type-page","status-publish","hentry","entry","no-media"],"yoast_head":"<!-- This site is optimized with the Yoast SEO plugin v27.4 - https:\/\/yoast.com\/product\/yoast-seo-wordpress\/ -->\n<title>Les diff\u00e9rentes ann\u00e9es - ATELIER DU TEMPS<\/title>\n<meta name=\"robots\" content=\"index, follow, max-snippet:-1, max-image-preview:large, max-video-preview:-1\" \/>\n<link rel=\"canonical\" href=\"https:\/\/www.atelier-du-temps.com\/accueil-new\/les-vehicules\/les-differentes-annees\/\" \/>\n<meta property=\"og:locale\" content=\"fr_FR\" \/>\n<meta property=\"og:type\" content=\"article\" \/>\n<meta property=\"og:title\" content=\"Les diff\u00e9rentes ann\u00e9es - ATELIER DU TEMPS\" \/>\n<meta property=\"og:description\" content=\"[vc_row][vc_column][vc_column_text]Un v\u00e9hicule est classifi\u00e9 \u00ab\u00a0Collection\u00a0\u00bb s&rsquo;il a plus de 30 ans (25 ans avant le 15 octobre 2009, date de mise en place du nouveau syst\u00e8me d&rsquo;immatriculation des v\u00e9hicules ou SIV, voir le site\u00a0F\u00e9d\u00e9ration Fran\u00e7aise des V\u00e9hicules d&rsquo;Epoque) Le club&hellip;\" \/>\n<meta property=\"og:url\" content=\"https:\/\/www.atelier-du-temps.com\/accueil-new\/les-vehicules\/les-differentes-annees\/\" \/>\n<meta property=\"og:site_name\" content=\"ATELIER DU TEMPS\" \/>\n<meta property=\"article:modified_time\" content=\"2021-09-03T21:11:32+00:00\" \/>\n<meta name=\"twitter:card\" content=\"summary_large_image\" \/>\n<meta name=\"twitter:label1\" content=\"Dur\u00e9e de lecture estim\u00e9e\" \/>\n\t<meta name=\"twitter:data1\" content=\"1 minute\" \/>\n<script type=\"application\/ld+json\" class=\"yoast-schema-graph\">{\"@context\":\"https:\\\/\\\/schema.org\",\"@graph\":[{\"@type\":\"WebPage\",\"@id\":\"https:\\\/\\\/www.atelier-du-temps.com\\\/accueil-new\\\/les-vehicules\\\/les-differentes-annees\\\/\",\"url\":\"https:\\\/\\\/www.atelier-du-temps.com\\\/accueil-new\\\/les-vehicules\\\/les-differentes-annees\\\/\",\"name\":\"Les diff\u00e9rentes ann\u00e9es - ATELIER DU TEMPS\",\"isPartOf\":{\"@id\":\"https:\\\/\\\/www.atelier-du-temps.com\\\/accueil-new\\\/#website\"},\"datePublished\":\"2016-08-15T19:51:28+00:00\",\"dateModified\":\"2021-09-03T21:11:32+00:00\",\"breadcrumb\":{\"@id\":\"https:\\\/\\\/www.atelier-du-temps.com\\\/accueil-new\\\/les-vehicules\\\/les-differentes-annees\\\/#breadcrumb\"},\"inLanguage\":\"fr-FR\",\"potentialAction\":[{\"@type\":\"ReadAction\",\"target\":[\"https:\\\/\\\/www.atelier-du-temps.com\\\/accueil-new\\\/les-vehicules\\\/les-differentes-annees\\\/\"]}]},{\"@type\":\"BreadcrumbList\",\"@id\":\"https:\\\/\\\/www.atelier-du-temps.com\\\/accueil-new\\\/les-vehicules\\\/les-differentes-annees\\\/#breadcrumb\",\"itemListElement\":[{\"@type\":\"ListItem\",\"position\":1,\"name\":\"Accueil\",\"item\":\"https:\\\/\\\/www.atelier-du-temps.com\\\/accueil-new\\\/\"},{\"@type\":\"ListItem\",\"position\":2,\"name\":\"Nos v\u00e9hicules\",\"item\":\"https:\\\/\\\/www.atelier-du-temps.com\\\/accueil-new\\\/les-vehicules\\\/\"},{\"@type\":\"ListItem\",\"position\":3,\"name\":\"Les diff\u00e9rentes ann\u00e9es\"}]},{\"@type\":\"WebSite\",\"@id\":\"https:\\\/\\\/www.atelier-du-temps.com\\\/accueil-new\\\/#website\",\"url\":\"https:\\\/\\\/www.atelier-du-temps.com\\\/accueil-new\\\/\",\"name\":\"ATELIER DU TEMPS\",\"description\":\"Le mus\u00e9e vivant de l&#039;automobile\",\"publisher\":{\"@id\":\"https:\\\/\\\/www.atelier-du-temps.com\\\/accueil-new\\\/#organization\"},\"potentialAction\":[{\"@type\":\"SearchAction\",\"target\":{\"@type\":\"EntryPoint\",\"urlTemplate\":\"https:\\\/\\\/www.atelier-du-temps.com\\\/accueil-new\\\/?s={search_term_string}\"},\"query-input\":{\"@type\":\"PropertyValueSpecification\",\"valueRequired\":true,\"valueName\":\"search_term_string\"}}],\"inLanguage\":\"fr-FR\"},{\"@type\":\"Organization\",\"@id\":\"https:\\\/\\\/www.atelier-du-temps.com\\\/accueil-new\\\/#organization\",\"name\":\"ATELIER DU TEMPS\",\"url\":\"https:\\\/\\\/www.atelier-du-temps.com\\\/accueil-new\\\/\",\"logo\":{\"@type\":\"ImageObject\",\"inLanguage\":\"fr-FR\",\"@id\":\"https:\\\/\\\/www.atelier-du-temps.com\\\/accueil-new\\\/#\\\/schema\\\/logo\\\/image\\\/\",\"url\":\"https:\\\/\\\/www.atelier-du-temps.com\\\/wp-content\\\/uploads\\\/AT-logo-site-scaled.jpg\",\"contentUrl\":\"https:\\\/\\\/www.atelier-du-temps.com\\\/wp-content\\\/uploads\\\/AT-logo-site-scaled.jpg\",\"width\":2560,\"height\":1150,\"caption\":\"ATELIER DU TEMPS\"},\"image\":{\"@id\":\"https:\\\/\\\/www.atelier-du-temps.com\\\/accueil-new\\\/#\\\/schema\\\/logo\\\/image\\\/\"}}]}<\/script>\n<!-- \/ Yoast SEO plugin. -->","yoast_head_json":{"title":"Les diff\u00e9rentes ann\u00e9es - ATELIER DU TEMPS","robots":{"index":"index","follow":"follow","max-snippet":"max-snippet:-1","max-image-preview":"max-image-preview:large","max-video-preview":"max-video-preview:-1"},"canonical":"https:\/\/www.atelier-du-temps.com\/accueil-new\/les-vehicules\/les-differentes-annees\/","og_locale":"fr_FR","og_type":"article","og_title":"Les diff\u00e9rentes ann\u00e9es - ATELIER DU TEMPS","og_description":"[vc_row][vc_column][vc_column_text]Un v\u00e9hicule est classifi\u00e9 \u00ab\u00a0Collection\u00a0\u00bb s&rsquo;il a plus de 30 ans (25 ans avant le 15 octobre 2009, date de mise en place du nouveau syst\u00e8me d&rsquo;immatriculation des v\u00e9hicules ou SIV, voir le site\u00a0F\u00e9d\u00e9ration Fran\u00e7aise des V\u00e9hicules d&rsquo;Epoque) Le club&hellip;","og_url":"https:\/\/www.atelier-du-temps.com\/accueil-new\/les-vehicules\/les-differentes-annees\/","og_site_name":"ATELIER DU TEMPS","article_modified_time":"2021-09-03T21:11:32+00:00","twitter_card":"summary_large_image","twitter_misc":{"Dur\u00e9e de lecture estim\u00e9e":"1 minute"},"schema":{"@context":"https:\/\/schema.org","@graph":[{"@type":"WebPage","@id":"https:\/\/www.atelier-du-temps.com\/accueil-new\/les-vehicules\/les-differentes-annees\/","url":"https:\/\/www.atelier-du-temps.com\/accueil-new\/les-vehicules\/les-differentes-annees\/","name":"Les diff\u00e9rentes ann\u00e9es - ATELIER DU TEMPS","isPartOf":{"@id":"https:\/\/www.atelier-du-temps.com\/accueil-new\/#website"},"datePublished":"2016-08-15T19:51:28+00:00","dateModified":"2021-09-03T21:11:32+00:00","breadcrumb":{"@id":"https:\/\/www.atelier-du-temps.com\/accueil-new\/les-vehicules\/les-differentes-annees\/#breadcrumb"},"inLanguage":"fr-FR","potentialAction":[{"@type":"ReadAction","target":["https:\/\/www.atelier-du-temps.com\/accueil-new\/les-vehicules\/les-differentes-annees\/"]}]},{"@type":"BreadcrumbList","@id":"https:\/\/www.atelier-du-temps.com\/accueil-new\/les-vehicules\/les-differentes-annees\/#breadcrumb","itemListElement":[{"@type":"ListItem","position":1,"name":"Accueil","item":"https:\/\/www.atelier-du-temps.com\/accueil-new\/"},{"@type":"ListItem","position":2,"name":"Nos v\u00e9hicules","item":"https:\/\/www.atelier-du-temps.com\/accueil-new\/les-vehicules\/"},{"@type":"ListItem","position":3,"name":"Les diff\u00e9rentes ann\u00e9es"}]},{"@type":"WebSite","@id":"https:\/\/www.atelier-du-temps.com\/accueil-new\/#website","url":"https:\/\/www.atelier-du-temps.com\/accueil-new\/","name":"ATELIER DU TEMPS","description":"Le mus\u00e9e vivant de l&#039;automobile","publisher":{"@id":"https:\/\/www.atelier-du-temps.com\/accueil-new\/#organization"},"potentialAction":[{"@type":"SearchAction","target":{"@type":"EntryPoint","urlTemplate":"https:\/\/www.atelier-du-temps.com\/accueil-new\/?s={search_term_string}"},"query-input":{"@type":"PropertyValueSpecification","valueRequired":true,"valueName":"search_term_string"}}],"inLanguage":"fr-FR"},{"@type":"Organization","@id":"https:\/\/www.atelier-du-temps.com\/accueil-new\/#organization","name":"ATELIER DU TEMPS","url":"https:\/\/www.atelier-du-temps.com\/accueil-new\/","logo":{"@type":"ImageObject","inLanguage":"fr-FR","@id":"https:\/\/www.atelier-du-temps.com\/accueil-new\/#\/schema\/logo\/image\/","url":"https:\/\/www.atelier-du-temps.com\/wp-content\/uploads\/AT-logo-site-scaled.jpg","contentUrl":"https:\/\/www.atelier-du-temps.com\/wp-content\/uploads\/AT-logo-site-scaled.jpg","width":2560,"height":1150,"caption":"ATELIER DU TEMPS"},"image":{"@id":"https:\/\/www.atelier-du-temps.com\/accueil-new\/#\/schema\/logo\/image\/"}}]}},"ticketed":false,"_links":{"self":[{"href":"https:\/\/www.atelier-du-temps.com\/accueil-new\/wp-json\/wp\/v2\/pages\/6937","targetHints":{"allow":["GET"]}}],"collection":[{"href":"https:\/\/www.atelier-du-temps.com\/accueil-new\/wp-json\/wp\/v2\/pages"}],"about":[{"href":"https:\/\/www.atelier-du-temps.com\/accueil-new\/wp-json\/wp\/v2\/types\/page"}],"author":[{"embeddable":true,"href":"https:\/\/www.atelier-du-temps.com\/accueil-new\/wp-json\/wp\/v2\/users\/1"}],"replies":[{"embeddable":true,"href":"https:\/\/www.atelier-du-temps.com\/accueil-new\/wp-json\/wp\/v2\/comments?post=6937"}],"version-history":[{"count":3,"href":"https:\/\/www.atelier-du-temps.com\/accueil-new\/wp-json\/wp\/v2\/pages\/6937\/revisions"}],"predecessor-version":[{"id":59860,"href":"https:\/\/www.atelier-du-temps.com\/accueil-new\/wp-json\/wp\/v2\/pages\/6937\/revisions\/59860"}],"up":[{"embeddable":true,"href":"https:\/\/www.atelier-du-temps.com\/accueil-new\/wp-json\/wp\/v2\/pages\/5876"}],"wp:attachment":[{"href":"https:\/\/www.atelier-du-temps.com\/accueil-new\/wp-json\/wp\/v2\/media?parent=6937"}],"curies":[{"name":"wp","href":"https:\/\/api.w.org\/{rel}","templated":true}]}}